{"id":25,"date":"2024-05-29T10:17:03","date_gmt":"2024-05-29T08:17:03","guid":{"rendered":"http:\/\/observatoirevalidismepolitique.fr\/?page_id=25"},"modified":"2024-06-04T07:33:50","modified_gmt":"2024-06-04T05:33:50","slug":"le-validismeme-kesako","status":"publish","type":"page","link":"https:\/\/observatoirevalidismepolitique.fr\/index.php\/le-validismeme-kesako\/","title":{"rendered":"Le validisme, kesako ?"},"content":{"rendered":"\n<figure class=\"wp-block-image size-full\"><img data-recalc-dims=\"1\" loading=\"lazy\" decoding=\"async\" width=\"225\" height=\"225\" src=\"https:\/\/i0.wp.com\/observatoirevalidismepolitique.fr\/wp-content\/uploads\/2024\/05\/validisme2.jpg?resize=225%2C225&#038;ssl=1\" alt=\"Validisme Nom masculin Ou capacitisme Pr\u00e9jug\u00e9s et comportements discriminatoires envers les personnes en situation de handicap\" class=\"wp-image-36\" style=\"aspect-ratio:1;object-fit:contain\" srcset=\"https:\/\/i0.wp.com\/observatoirevalidismepolitique.fr\/wp-content\/uploads\/2024\/05\/validisme2.jpg?w=225&amp;ssl=1 225w, https:\/\/i0.wp.com\/observatoirevalidismepolitique.fr\/wp-content\/uploads\/2024\/05\/validisme2.jpg?resize=150%2C150&amp;ssl=1 150w\" sizes=\"auto, (max-width: 225px) 100vw, 225px\" \/><figcaption class=\"wp-element-caption\"><em>Validisme<br>Nom masculin<br>Ou capacitisme<br>Pr\u00e9jug\u00e9s et comportements discriminatoires envers les personnes en situation de handicap<\/em><\/figcaption><\/figure>\n\n\n\n<p><strong>Le validisme, ou capacitisme, c\u2019est quoi\u00a0? C\u2019est l\u2019ensemble des pr\u00e9jug\u00e9s et comportements discriminatoires \u00e0 l&rsquo;encontre des personnes en situation de handicap.<\/strong> C\u2019est la traduction d&rsquo;un terme anglo-am\u00e9ricain qui est Ableisme qui se traduit soit par validisme, soit par capacitisme et qui d\u00e9signe un<strong> jugement port\u00e9 sur les personnes handicap\u00e9es en fonction de l&rsquo;\u00e9cart \u00e0 une norme qui serait une norme valide<\/strong>.\u00a0 L&rsquo;origine en fait, elle vient des luttes d&rsquo;\u00e9mancipation des personnes handicap\u00e9es qui ont eu lieu aux \u00c9tats-Unis, et puis dans les pays europ\u00e9ens dans les ann\u00e9es 70. C&rsquo;\u00e9tait des luttes d&rsquo;\u00e9mancipation comme les luttes d&rsquo;\u00e9mancipation des autres minorit\u00e9s domin\u00e9es, c&rsquo;est \u00e0 dire les luttes f\u00e9ministes et les luttes pour les droits civiques des noirs am\u00e9ricains.<\/p>\n\n\n\n<figure class=\"wp-block-embed is-type-video is-provider-youtube wp-block-embed-youtube wp-embed-aspect-4-3 wp-has-aspect-ratio\"><div class=\"wp-block-embed__wrapper\">\n<iframe loading=\"lazy\" title=\"Qu\u2019est ce que le validisme ? \u2013 France tv slash 3 avril 2020 par C\u00e9cile Morin du CLHEE\" width=\"800\" height=\"600\" src=\"https:\/\/www.youtube.com\/embed\/lwFIa1fL7kg?feature=oembed\" frameborder=\"0\" allow=\"accelerometer; autoplay; clipboard-write; encrypted-media; gyroscope; picture-in-picture; web-share\" referrerpolicy=\"strict-origin-when-cross-origin\" allowfullscreen><\/iframe>\n<\/div><figcaption class=\"wp-element-caption\">Vid\u00e9o du CLHEE avec C\u00e9cile Morin<\/figcaption><\/figure>\n\n\n\n<p><\/p>\n\n\n\n<p>Il a fallu construire des cat\u00e9gories pour dire le caract\u00e8re socialement construit de la domination de telle ou telle minorit\u00e9. On nomme par \u00ab capacitisme \u00bb la discrimination fond\u00e9e sur l\u2019incapacit\u00e9. Cette derni\u00e8re serait consid\u00e9r\u00e9e comme une \u00ab d\u00e9viance de la norme \u00bb, pour emprunter les termes de la sociologie.<\/p>\n\n\n\n<p>En effet, la capacit\u00e9 (physique, intellectuelle, sensorielle, \u00e9motionnelle, etc.) constituerait ce qui permet \u00e0 l\u2019individu d\u2019\u00eatre ind\u00e9pendant, utile \u00e0 la soci\u00e9t\u00e9 et performant. Dans un id\u00e9al soci\u00e9tal fond\u00e9 sur la performance et la croissance, plus en termes de production et de march\u00e9 qu\u2019en termes de qualit\u00e9 de vie, de r\u00e9alisation personnelle et collective ou de bonheur, l\u2019individu \u00ab capable \u00bb repr\u00e9sente l\u2019id\u00e9al. Plus il d\u00e9veloppe de capacit\u00e9s, plus il est performant, plus il est utile, plus il est conforme \u00e0 la norme souhait\u00e9e, plus il b\u00e9n\u00e9ficie de privil\u00e8ges. A l\u2019inverse, l\u2019individu moins capable ou incapable de r\u00e9aliser telle ou telle action de mani\u00e8re ind\u00e9pendante, se voit disqualifi\u00e9, stigmatis\u00e9.<\/p>\n\n\n\n<p>Pourquoi il a fallu cr\u00e9er un terme ? Les id\u00e9es validistes, elles sont particuli\u00e8rement redoutables parce qu\u2019elles apparaissent comme des \u00e9vidences, elle passe pour des choses naturelles et du coup, \u00e7a rend tr\u00e8s, tr\u00e8s difficile, en fait la possibilit\u00e9 de les identifier, non pas comme des \u00e9vidences, des choses naturelles qu&rsquo;on ne pourrait pas remettre en cause, mais comme des jugements issus de normes arbitraires, et on a invent\u00e9 le terme de validisme, justement, pour pouvoir les d\u00e9signer ainsi, et les d\u00e9naturaliser, si je puis dire.<\/p>\n\n\n\n<p><strong>Il n\u2019y a pas de lien naturel entre le fait que vous ayez un handicap et le fait que vous ne puissiez pas aller \u00e0 l&rsquo;\u00e9cole, acc\u00e9der \u00e0 l&#8217;emploi, avoir une vie amoureuse \u00e9panouie. Et si vous rencontrer cette difficult\u00e9, c&rsquo;est parce que ces difficult\u00e9s, elles existent dans la soci\u00e9t\u00e9. C&rsquo;est vraiment un probl\u00e8me qui est li\u00e9 \u00e0 l&rsquo;organisation sociale et l&rsquo;organisation sociale, elle peut changer.<\/strong><\/p>\n\n\n\n<p>Et le validisme, c&rsquo;est un outil pour agir sur les repr\u00e9sentations, et changer le monde social.<\/p>\n\n\n\n<p><strong>Il ne s\u2019agit pas de lutter contre les valides mais bien de d\u00e9noncer un syst\u00e8me de pens\u00e9e, de fonctionnement tr\u00e8s ancr\u00e9 dans nos soci\u00e9t\u00e9s et souvent tr\u00e8s inconscient.<\/strong><\/p>\n\n\n\n<p>Etre sensibilis\u00e9 aux questions de handicaps n\u2019induit pas forc\u00e9ment que l\u2019on se comporte de mani\u00e8re responsable \u00e0 cet \u00e9gard. Comme pour toute oppression, avoir un comportement capacitiste n\u2019est que rarement intentionnel. On n\u2019opprime pas une personne en situation de handicap sciemment ou par \u00ab mauvaise foi \u00bb. Ce sont des micro-agressions r\u00e9p\u00e9t\u00e9es qui introduisent un processus d\u2019oppression et celles-ci d\u00e9coulent le plus souvent de l\u2019ignorance. Ces attitudes peuvent parfois \u00e9maner d\u2019une bonne intention, pourtant potentiellement erron\u00e9e.<\/p>\n\n\n\n<p>Le capacitisme s\u2019exprime partout et tout le temps. Il est aussi le fruit d\u2019un projet \u00e9ducatif qui valorise la performance et la capacit\u00e9 (le petit a fait ses premiers pas avant les autres, mon fils est le plus intelligent de sa classe il est r\u00e9compens\u00e9, etc.). Il est syst\u00e9mique.<\/p>\n\n\n\n<p>Le validisme est sous-jacent dans la fa\u00e7on dont nos soci\u00e9t\u00e9s sont organis\u00e9es : les activit\u00e9s quotidiennes les plus basiques comme aller \u00e0 l\u2019\u00e9cole ou au travail, prendre les transports publics, faire les courses ou pratiquer un hobby sont difficiles, voire impossible pour les personnes handicap\u00e9es. Ils finissent exclus et isol\u00e9s.<\/p>\n\n\n\n<p>Les droits humains d\u00e9fient le validisme et les autres formes d\u2019oppressions. La diversit\u00e9 humaine est partout autour de nous. Nous en faisons tous partie.<\/p>\n\n\n\n<p>C\u2019est pourquoi nous revendiquons notamment le droit \u00e0 la vie autonome. La vie autonome signifie que les personnes handicap\u00e9es ont les m\u00eames choix, possibilit\u00e9s et libert\u00e9s que n\u2018importe quel autre citoyen \u00e0 domicile, au travail et comme membre de la communaut\u00e9. Cela ne signifie pas n\u00e9cessairement que les personnes handicap\u00e9es doivent pouvoir tout faire par elles-m\u00eames, mais cela signifie que tout l\u2018accompagnement et l\u2019assistance dont elles ont besoin doivent \u00eatre bas\u00e9s sur leurs propres choix et aspirations. En pratique, personne n\u2018est auto-suffisant, nous avons tous besoin et utilisons tous de l\u2018aide \u00e0 un moment ou un autre.<\/p>\n\n\n\n<p><strong>Qu&rsquo;est-ce que le validisme (ou capacitisme) par le CLHEE (en vid\u00e9o) :<\/strong><\/p>\n\n\n\n<p><a href=\"http:\/\/clhee.org\/2020\/04\/03\/quest-ce-que-le-validisme-france-tv-slash-3-avril-2020\/\">http:\/\/clhee.org\/2020\/04\/03\/quest-ce-que-le-validisme-france-tv-slash-3-avril-2020\/<\/a><\/p>\n\n\n\n<p><a href=\"https:\/\/www.facebook.com\/watch\/?v=589258735013982\">https:\/\/www.facebook.com\/watch\/?v=589258735013982<\/a><\/p>\n\n\n\n<h1 class=\"wp-block-heading\"><strong>ONU : Qu\u2019est-ce que c\u2019est le capacitisme?<\/strong><\/h1>\n\n\n\n<figure class=\"wp-block-embed is-type-video is-provider-vimeo wp-block-embed-vimeo\"><div class=\"wp-block-embed__wrapper\">\n<iframe loading=\"lazy\" title=\"Qu&#039;est-ce que c\u2019est le capacitisme?\" src=\"https:\/\/player.vimeo.com\/video\/493785346?dnt=1&amp;app_id=122963\" width=\"800\" height=\"450\" frameborder=\"0\" allow=\"autoplay; fullscreen; picture-in-picture; clipboard-write; encrypted-media; web-share\" referrerpolicy=\"strict-origin-when-cross-origin\"><\/iframe>\n<\/div><\/figure>\n\n\n\n<p><strong>2017 : ENIL : Pour en finir avec les id\u00e9es re\u00e7ues sur la vie autonome<\/strong><\/p>\n\n\n\n<p><a href=\"https:\/\/www.pepsup.com\/resources\/documents\/ARTICLES\/000\/047\/605\/476053\/DOCUMENT\/ENIL_17_pour_en_finir_avec_les_idees_recues_sur_la_vie_autonome.pdf\">https:\/\/www.pepsup.com\/resources\/documents\/ARTICLES\/000\/047\/605\/476053\/DOCUMENT\/ENIL_17_pour_en_finir_avec_les_idees_recues_sur_la_vie_autonome.pdf<\/a><\/p>\n\n\n\n<p><strong>4 mars 22 :<\/strong> Mairie de Lyon : Commission g\u00e9n\u00e9rale du 4 mars 2022 : Comprendre et lutter contre le validisme (initi\u00e9e par Audrey Henocque, 1\u00e8re adjointe, concern\u00e9e)<\/p>\n\n\n\n<figure class=\"wp-block-embed is-type-video is-provider-youtube wp-block-embed-youtube wp-embed-aspect-16-9 wp-has-aspect-ratio\"><div class=\"wp-block-embed__wrapper\">\n<iframe loading=\"lazy\" title=\"Commission g\u00e9n\u00e9rale du 4 mars 2022 : Comprendre et lutter contre le validisme\" width=\"800\" height=\"450\" src=\"https:\/\/www.youtube.com\/embed\/egdtmxpaDKQ?feature=oembed\" frameborder=\"0\" allow=\"accelerometer; autoplay; clipboard-write; encrypted-media; gyroscope; picture-in-picture; web-share\" referrerpolicy=\"strict-origin-when-cross-origin\" allowfullscreen><\/iframe>\n<\/div><\/figure>\n","protected":false},"excerpt":{"rendered":"<p>Le validisme, ou capacitisme, c\u2019est quoi\u00a0? C\u2019est l\u2019ensemble des pr\u00e9jug\u00e9s et comportements discriminatoires \u00e0 l&rsquo;encontre des personnes en situation de handicap. C\u2019est la traduction d&rsquo;un terme anglo-am\u00e9ricain qui est Ableisme qui se traduit soit par validisme, soit par capacitisme et qui d\u00e9signe un jugement port\u00e9 sur les personnes handicap\u00e9es en fonction de l&rsquo;\u00e9cart \u00e0 une [&hellip;]<\/p>\n","protected":false},"author":1,"featured_media":0,"parent":0,"menu_order":0,"comment_status":"open","ping_status":"closed","template":"","meta":{"jetpack_post_was_ever_published":false,"footnotes":""},"class_list":["post-25","page","type-page","status-publish","hentry"],"jetpack-related-posts":[{"id":131,"url":"https:\/\/observatoirevalidismepolitique.fr\/","url_meta":{"origin":25,"position":0},"title":"Tribune : Violences validistes sur les \u00e9lues et \u00e9lus handicap\u00e9s : \u00e0 quand la fin des oppressions syst\u00e9miques ?","author":"admin9931","date":"4 juin 2024","format":false,"excerpt":"Nous, personnes handicap\u00e9es militantes, candidates ou \u00e9lues,\u00a0interpellons le monde politique sur les violences validistes auxquelles nous sommes confront\u00e9es et sur la n\u00e9cessaire suppression des barri\u00e8res physiques, techniques et organisationnelles que nous rencontrons pour participer \u00e0 la vie de la cit\u00e9. Au sein du Parlement, des conseils r\u00e9gionaux, d\u00e9partementaux, intercommunaux ou\u2026","rel":"","context":"Avec 3 commentaires","block_context":{"text":"Avec 3 commentaires","link":"https:\/\/observatoirevalidismepolitique.fr\/#comments"},"img":{"alt_text":"","src":"","width":0,"height":0},"classes":[]},{"id":53,"url":"https:\/\/observatoirevalidismepolitique.fr\/index.php\/auteurs-et-autrices-de-la-tribune\/","url_meta":{"origin":25,"position":1},"title":"Auteurs et autrices de la tribune","author":"admin9931","date":"2 juin 2024","format":false,"excerpt":"Photo de Audrey Henocque Audrey H\u00e9nocque est Premi\u00e8re Adjoint au Maire de Lyon en charge des finances, de la culture et des grands \u00e9v\u00e9nements. Dipl\u00f4m\u00e9e de Sciences-Po Grenoble et de l\u2019Institut National d\u2019Etudes Territoriales, elle a exerc\u00e9 en tant qu\u2019administratrice territoriale dans diff\u00e9rentes collectivit\u00e9s locales et dans des secteurs tels\u2026","rel":"","context":"Article similaire","block_context":{"text":"Article similaire","link":""},"img":{"alt_text":"Photo de Audrey Henocque","src":"https:\/\/i0.wp.com\/observatoirevalidismepolitique.fr\/wp-content\/uploads\/2024\/06\/AudreyHenocque.jpg?resize=350%2C200&ssl=1","width":350,"height":200,"srcset":"https:\/\/i0.wp.com\/observatoirevalidismepolitique.fr\/wp-content\/uploads\/2024\/06\/AudreyHenocque.jpg?resize=350%2C200&ssl=1 1x, https:\/\/i0.wp.com\/observatoirevalidismepolitique.fr\/wp-content\/uploads\/2024\/06\/AudreyHenocque.jpg?resize=525%2C300&ssl=1 1.5x, https:\/\/i0.wp.com\/observatoirevalidismepolitique.fr\/wp-content\/uploads\/2024\/06\/AudreyHenocque.jpg?resize=700%2C400&ssl=1 2x, https:\/\/i0.wp.com\/observatoirevalidismepolitique.fr\/wp-content\/uploads\/2024\/06\/AudreyHenocque.jpg?resize=1050%2C600&ssl=1 3x, https:\/\/i0.wp.com\/observatoirevalidismepolitique.fr\/wp-content\/uploads\/2024\/06\/AudreyHenocque.jpg?resize=1400%2C800&ssl=1 4x"},"classes":[]},{"id":3,"url":"https:\/\/observatoirevalidismepolitique.fr\/index.php\/politique-de-confidentialite\/","url_meta":{"origin":25,"position":2},"title":"Politique de confidentialit\u00e9","author":"admin9931","date":"29 mai 2024","format":false,"excerpt":"Qui sommes-nous\u00a0? Nous sommes 6 \u00e9lus et militants handicap\u00e9s, auteurs de la tribune L\u2019adresse de notre site est\u00a0: http:\/\/observatoirevalidismepolitique.fr Responsable de publication : Mme Odile Maurin\u00a0H\u00e9bergement par OVH Contact ObservatoireValidismePolitique@gmail.com Commentaires Quand vous laissez un commentaire sur notre site, les donn\u00e9es inscrites dans le formulaire de commentaire, ainsi que votre\u2026","rel":"","context":"Article similaire","block_context":{"text":"Article similaire","link":""},"img":{"alt_text":"","src":"","width":0,"height":0},"classes":[]}],"jetpack_likes_enabled":true,"jetpack_sharing_enabled":true,"_links":{"self":[{"href":"https:\/\/observatoirevalidismepolitique.fr\/index.php\/wp-json\/wp\/v2\/pages\/25","targetHints":{"allow":["GET"]}}],"collection":[{"href":"https:\/\/observatoirevalidismepolitique.fr\/index.php\/wp-json\/wp\/v2\/pages"}],"about":[{"href":"https:\/\/observatoirevalidismepolitique.fr\/index.php\/wp-json\/wp\/v2\/types\/page"}],"author":[{"embeddable":true,"href":"https:\/\/observatoirevalidismepolitique.fr\/index.php\/wp-json\/wp\/v2\/users\/1"}],"replies":[{"embeddable":true,"href":"https:\/\/observatoirevalidismepolitique.fr\/index.php\/wp-json\/wp\/v2\/comments?post=25"}],"version-history":[{"count":9,"href":"https:\/\/observatoirevalidismepolitique.fr\/index.php\/wp-json\/wp\/v2\/pages\/25\/revisions"}],"predecessor-version":[{"id":105,"href":"https:\/\/observatoirevalidismepolitique.fr\/index.php\/wp-json\/wp\/v2\/pages\/25\/revisions\/105"}],"wp:attachment":[{"href":"https:\/\/observatoirevalidismepolitique.fr\/index.php\/wp-json\/wp\/v2\/media?parent=25"}],"curies":[{"name":"wp","href":"https:\/\/api.w.org\/{rel}","templated":true}]}}